{"id":2118,"date":"2025-05-30T10:21:17","date_gmt":"2025-05-30T08:21:17","guid":{"rendered":"http:\/\/gnamc.cultura.gov.it\/?post_type=evento&#038;p=2118"},"modified":"2025-05-30T10:21:17","modified_gmt":"2025-05-30T08:21:17","slug":"impronte-dellarte-2rc-1963-%e2%88%952018","status":"publish","type":"evento","link":"https:\/\/gnamc.cultura.gov.it\/en\/evento\/impronte-dellarte-2rc-1963-%e2%88%952018\/","title":{"rendered":"Impronte dell\u2019Arte. 2RC 1963 \u22152018"},"content":{"rendered":"<p>La Galleria Nazionale d\u2019Arte Moderna e Contemporanea di Roma inaugura la mostra Impronte dell\u2019arte. 2RC 1963-2018, a cura di Achille Bonito Oliva, che ripercorre l\u2019esperienza della storica stamperia romana 2RC di Valter ed Eleonora Rossi, fondamentale per la storia della grafica e dell\u2019incisione, non solo a livello italiano.<\/p>\n<p>Una selezione di 90 lastre matrici e di 45 opere grafiche, prodotte nell\u2019arco di 60 anni, testimonia la preziosa ed intensa collaborazione di 2RC con importanti artisti di provenienza italiana ed internazionale.<\/p>\n<p>Con Impronte dell\u2019arte la Galleria Nazionale rivolge un\u2019attenzione rinnovata alla singolarit\u00e0 dell\u2019opera grafica, attraverso un progetto espositivo inedito nel suo obiettivo di illustrare ci\u00f2 che rimane non visibile del procedimento dell\u2019incisione, forma d\u2019arte che si sviluppa con tempi e movimenti che le sono propri. Viene messo a nudo il processo creativo dell\u2019artista, colto nel passaggio dal lavoro sulla lastra fino all\u2019esito finale della stampa, risultante di un universo di scelte che si traducono nel segno.<\/p>\n<p>Le lastre matrici presenti in mostra narrano un percorso unico per il livello tecnico e qualitativo raggiunto, che ha reso la 2RC fra le pi\u00f9 note stamperie d\u2019arte nel panorama internazionale, all\u2019avanguardia anche per l\u2019impegno nella continua ricerca sperimentale. In questa occasione, viene rivelata una parte del suo sapere, acquisito nel tempo e prima d\u2019ora nascosto. La vicenda di una stamperia d\u2019arte diviene quindi la traccia di un\u2019ulteriore narrazione, pi\u00f9 estesa, sull\u2019opera degli artisti e sulla loro presenza nei laboratori dove l\u2019artigianalit\u00e0 \u00e8 al servizio dell\u2019arte, che per il nostro paese sono stati sempre punti di riferimento di alto livello in ogni epoca e per numerose tecniche artistiche.<\/p>\n<p>Ogni matrice \u00e8 concretamente solida e, a seconda dello spessore del metallo usato, si pu\u00f2 arrivare a creare anche un bassorilievo, ma la vera magia \u00e8 che con le diverse tecniche che l\u2019artista ha a sua disposizione dimentica il pi\u00f9 delle volte, il suo mondo pittorico o scultoreo per approdare in un mondo, autonomamente solo, grafico.<br \/>\nValter Rossi<\/p>\n<p>L\u2019esposizione delle lastre, delle matrici, che \u00e8 anche il segno di realt\u00e0 creativa, \u00e8 la traccia del bisogno dell\u2019artista di passare quasi attraverso il graffito per arrivare alla produzione della forma finale, e questo mi ricorda, se si pu\u00f2 dire cos\u00ec, l\u2019arcaicit\u00e0 della creazione dell\u2019arte, proprio il segno che si ritrova nelle grotte, il bisogno che l\u2019artista aveva allora di rappresentare la caccia, per arrivare alla preda e mi sembra una conclusione circolare nell\u2019esperienza della 2RC come partire dal primitivo per arrivare al contemporaneo.<br \/>\nAchille Bonito Oliva<\/p>\n<p>In mostra: Valerio Adami, Afro Basaldella, Pierre Alechinsky, Francis Bacon, Danilo Bucchi, Alberto Burri, Alexander Calder, Giuseppe Capogrossi, Sandro Chia, Francesco Clemente, Pietro Consagra, Enzo Cucchi, Piero Dorazio, Lucio Fontana, Sam Francis, Helen Frankenthaler, Sam Francis, Nancy Graves, Carlo Guarienti, Renato Guttuso, Jannis Kounellis, Liu Ye, Henry Moore, Louise Nevelson, Victor Pasmore, A.R. Penck, Arnaldo Pomodoro, George Segal, Pierre Soulages, Graham Sutherland, Shu Takhashi, Walasse Ting, Victor Vasarely, Zhang Xiaogang.<\/p>\n","protected":false},"excerpt":{"rendered":"<p>La Galleria Nazionale d\u2019Arte Moderna e Contemporanea di Roma inaugura la mostra Impronte dell\u2019arte. 2RC&#8230;<\/p>\n","protected":false},"featured_media":2125,"menu_order":97,"template":"","event-type":[13],"event-categories":[],"event-tag":[],"class_list":["post-2118","evento","type-evento","status-publish","has-post-thumbnail","hentry","event-type-mostra"],"acf":{"singole_date_check":false,"date_singole":null,"inizio_evento":"20190416","fine_evento":"20190602","event_all_day":true,"inizia_alle_event":null,"finisce_alle_event":null,"stato_evento":"attivo","nascondi_data":false},"_links":{"self":[{"href":"https:\/\/gnamc.cultura.gov.it\/en\/wp-json\/wp\/v2\/evento\/2118","targetHints":{"allow":["GET"]}}],"collection":[{"href":"https:\/\/gnamc.cultura.gov.it\/en\/wp-json\/wp\/v2\/evento"}],"about":[{"href":"https:\/\/gnamc.cultura.gov.it\/en\/wp-json\/wp\/v2\/types\/evento"}],"wp:featuredmedia":[{"embeddable":true,"href":"https:\/\/gnamc.cultura.gov.it\/en\/wp-json\/wp\/v2\/media\/2125"}],"wp:attachment":[{"href":"https:\/\/gnamc.cultura.gov.it\/en\/wp-json\/wp\/v2\/media?parent=2118"}],"wp:term":[{"taxonomy":"event-type","embeddable":true,"href":"https:\/\/gnamc.cultura.gov.it\/en\/wp-json\/wp\/v2\/event-type?post=2118"},{"taxonomy":"event-categories","embeddable":true,"href":"https:\/\/gnamc.cultura.gov.it\/en\/wp-json\/wp\/v2\/event-categories?post=2118"},{"taxonomy":"event-tag","embeddable":true,"href":"https:\/\/gnamc.cultura.gov.it\/en\/wp-json\/wp\/v2\/event-tag?post=2118"}],"curies":[{"name":"wp","href":"https:\/\/api.w.org\/{rel}","templated":true}]}}